{"id":7598,"date":"2022-05-18T07:28:30","date_gmt":"2022-05-18T07:28:30","guid":{"rendered":"https:\/\/www.academiedenimes.org\/site\/?page_id=7598"},"modified":"2022-05-18T07:28:30","modified_gmt":"2022-05-18T07:28:30","slug":"actualites-archives-2020","status":"publish","type":"page","link":"https:\/\/www.academiedenimes.org\/site\/actualites-archives-2020\/","title":{"rendered":"Actualit\u00e9s &#8211; Archives 2020"},"content":{"rendered":"<div class=\"wpb-content-wrapper\"><p>[vc_row][vc_column][vc_column_text]<\/p>\n<h1 style=\"text-align: center;\">Samedi 31 octobre 2020<\/h1>\n<h1 style=\"text-align: center;\">Disparition du professeur Jean MATOUK<\/h1>\n<h1><img loading=\"lazy\" decoding=\"async\" class=\"size-full wp-image-6849 aligncenter\" src=\"https:\/\/www.academiedenimes.org\/site\/wp-content\/uploads\/Photo-Jean-pour-site-web.jpg\" alt=\"\" width=\"338\" height=\"382\" srcset=\"https:\/\/www.academiedenimes.org\/site\/wp-content\/uploads\/Photo-Jean-pour-site-web.jpg 338w, https:\/\/www.academiedenimes.org\/site\/wp-content\/uploads\/Photo-Jean-pour-site-web-265x300.jpg 265w\" sizes=\"auto, (max-width: 338px) 100vw, 338px\" \/><\/h1>\n<h3 style=\"text-align: center;\">Hommage du pr\u00e9sident Michel BELIN. <a href=\"https:\/\/www.academiedenimes.org\/site\/wp-content\/uploads\/In-memoriam-Jean-Matouk.pdf\" target=\"_blank\" rel=\"noopener noreferrer\">Cliquer<\/a><\/h3>\n<h1><\/h1>\n<h1><\/h1>\n<p>&nbsp;<\/p>\n<p>&nbsp;<\/p>\n<h1><\/h1>\n<h1 style=\"text-align: center;\">Mardi 20 octobre 2020<br \/>\nGrand Auditorium de Carr\u00e9 d&rsquo;Art Jean Bousquet<\/h1>\n<h1 style=\"text-align: center;\"><span style=\"color: #ff0000;\">Allocution du pr\u00e9sident Michel BELIN<\/span><br \/>\n<em><span style=\"color: #ff6600;\">Samuel Paty, un enseignant martyr. <a href=\"https:\/\/www.academiedenimes.org\/site\/wp-content\/uploads\/Allocution-Michel-Belin-Samuel-Paty.pdf\" target=\"_blank\" rel=\"noopener noreferrer\"><span style=\"color: #000000;\">Cliquer<\/span><\/a><\/span><\/em><\/h1>\n<h1><\/h1>\n<h1 style=\"text-align: center;\"><span style=\"color: #000000;\">Communication de Danielle BERTRAND-FABRE, membre non-r\u00e9sidant.<\/span><\/h1>\n<h2 style=\"text-align: center;\"><span style=\"color: #ff6600;\"><em>\u00a0<strong>Saint-G\u00e9ly-du-Fesc : la guerre scolaire entre les \u00ab\u00a0Blancs\u00a0\u00bb et les \u00ab\u00a0Rouges\u00a0\u00bb (1830-1960).<\/strong><\/em><\/span><\/h2>\n<p><img loading=\"lazy\" decoding=\"async\" class=\"alignnone size-full wp-image-6831\" src=\"https:\/\/www.academiedenimes.org\/site\/wp-content\/uploads\/Carr\u00e9-dart-20-octobre.jpg\" alt=\"\" width=\"1303\" height=\"476\" srcset=\"https:\/\/www.academiedenimes.org\/site\/wp-content\/uploads\/Carr\u00e9-dart-20-octobre.jpg 1303w, https:\/\/www.academiedenimes.org\/site\/wp-content\/uploads\/Carr\u00e9-dart-20-octobre-300x110.jpg 300w, https:\/\/www.academiedenimes.org\/site\/wp-content\/uploads\/Carr\u00e9-dart-20-octobre-1024x374.jpg 1024w, https:\/\/www.academiedenimes.org\/site\/wp-content\/uploads\/Carr\u00e9-dart-20-octobre-768x281.jpg 768w, https:\/\/www.academiedenimes.org\/site\/wp-content\/uploads\/Carr\u00e9-dart-20-octobre-624x228.jpg 624w\" sizes=\"auto, (max-width: 1303px) 100vw, 1303px\" \/><\/p>\n<h3 style=\"text-align: center;\">Pr\u00e9sentation du conf\u00e9rencier par le\u00a0 Pr\u00e9sident Michel Belin .<a href=\"https:\/\/www.academiedenimes.org\/site\/wp-content\/uploads\/Michel-Belin-pr\u00e9sentation-DBF.pdf\" target=\"_blank\" rel=\"noopener noreferrer\"><strong> Cliquer<\/strong><\/a><br \/>\nR\u00e9sum\u00e9 de la communication.\u00a0<a href=\"https:\/\/www.academiedenimes.org\/site\/wp-content\/uploads\/R\u00e9sum\u00e9-DBF-St-G\u00e9ly-du-Fesc.pdf\" target=\"_blank\" rel=\"noopener noreferrer\"> <strong>Cliquer<\/strong><\/a><\/h3>\n<h1><\/h1>\n<p>&nbsp;<\/p>\n<p>&nbsp;<\/p>\n<h1 style=\"text-align: center;\"><span style=\"color: #ff0000;\">MISE EN LIGNE DES M\u00c9MOIRES &#8211; Ann\u00e9e 2019.<\/span><span style=\"color: #ff0000;\"><span style=\"color: #ff6600;\"><br \/>\n<\/span><\/span><\/h1>\n<h2 style=\"text-align: center;\"><span style=\"color: #ff0000;\"><span style=\"color: #ff6600;\">Rendez-vous <\/span><\/span><span style=\"color: #ff6600;\">sur la page Archives. <a href=\"https:\/\/communication.academiedenimes.org\/les-annees-2000\/\" target=\"_blank\" rel=\"noopener noreferrer\">CLIQUER<\/a><br \/>\n<\/span><\/h2>\n<p>&nbsp;<\/p>\n<h1 style=\"text-align: center;\">Vendredi 2 octobre 2020<br \/>\nGrand Auditorium de Carr\u00e9 d&rsquo;Art Jean Bousquet<\/h1>\n<h1 style=\"text-align: center;\"><span style=\"color: #ff0000;\">Communication de Xavier GUTHERZ, Correspondant.<\/span><\/h1>\n<h2 style=\"text-align: center;\"><em>\u00a0<span style=\"color: #ff6600;\"><strong>Un n\u00eemois en Somalie, l\u2019explorateur Georges R\u00e9voil (1852-1894)<\/strong><\/span><\/em><\/h2>\n<p><img loading=\"lazy\" decoding=\"async\" class=\"wp-image-6786 aligncenter\" src=\"https:\/\/www.academiedenimes.org\/site\/wp-content\/uploads\/Xavier-Gutherz-rotated.jpg\" alt=\"\" width=\"239\" height=\"318\" srcset=\"https:\/\/www.academiedenimes.org\/site\/wp-content\/uploads\/Xavier-Gutherz-rotated.jpg 480w, https:\/\/www.academiedenimes.org\/site\/wp-content\/uploads\/Xavier-Gutherz-225x300.jpg 225w\" sizes=\"auto, (max-width: 239px) 100vw, 239px\" \/><\/p>\n<p><img loading=\"lazy\" decoding=\"async\" class=\"wp-image-6787 aligncenter\" src=\"https:\/\/www.academiedenimes.org\/site\/wp-content\/uploads\/President-SP.jpg\" alt=\"\" width=\"382\" height=\"294\" srcset=\"https:\/\/www.academiedenimes.org\/site\/wp-content\/uploads\/President-SP.jpg 954w, https:\/\/www.academiedenimes.org\/site\/wp-content\/uploads\/President-SP-300x231.jpg 300w, https:\/\/www.academiedenimes.org\/site\/wp-content\/uploads\/President-SP-768x591.jpg 768w, https:\/\/www.academiedenimes.org\/site\/wp-content\/uploads\/President-SP-624x480.jpg 624w\" sizes=\"auto, (max-width: 382px) 100vw, 382px\" \/><\/p>\n<h3 style=\"text-align: center;\">Pr\u00e9sentation du conf\u00e9rencier par le\u00a0 Pr\u00e9sident Michel Belin .<a href=\"https:\/\/www.academiedenimes.org\/site\/wp-content\/uploads\/pr\u00e9sentation-Xavier-Gutherz.pdf\" target=\"_blank\" rel=\"noopener noreferrer\"><strong><span style=\"color: #ff0000;\"> Cliquer<\/span><\/strong><\/a><\/h3>\n<h3 style=\"text-align: center;\">R\u00e9sum\u00e9 de la communication.\u00a0 <a href=\"https:\/\/www.academiedenimes.org\/site\/wp-content\/uploads\/R\u00e9sum\u00e9-Un-ni\u0302mois-en-Somalie-X-Gutherz.pdf\" target=\"_blank\" rel=\"noopener noreferrer\"><strong><span style=\"color: #ff0000;\">Cliquer<\/span><\/strong><\/a><\/h3>\n<p>&nbsp;<\/p>\n<h1 style=\"text-align: center;\">Vendredi 28 f\u00e9vrier 2020<\/h1>\n<h1 style=\"text-align: center;\"><span style=\"color: #ff0000;\">Communication de Fr\u00e9d\u00e9ric ABAUZIT, membre r\u00e9sidant<\/span><\/h1>\n<h2 style=\"text-align: center;\"><em>\u00a0 <span style=\"color: #ff6600;\">Les p\u00e9r\u00e9grinations scolaires d\u2019un jeune protestant uz\u00e9tien <\/span><br \/>\n<span style=\"color: #ff6600;\">\u00e0 la veille de la R\u00e9volution.<\/span><br \/>\n<\/em><\/h2>\n<p style=\"text-align: center;\"><img loading=\"lazy\" decoding=\"async\" class=\"wp-image-6704 aligncenter\" src=\"https:\/\/www.academiedenimes.org\/site\/wp-content\/uploads\/F-A-ter.jpg\" alt=\"\" width=\"137\" height=\"176\" srcset=\"https:\/\/www.academiedenimes.org\/site\/wp-content\/uploads\/F-A-ter.jpg 653w, https:\/\/www.academiedenimes.org\/site\/wp-content\/uploads\/F-A-ter-234x300.jpg 234w, https:\/\/www.academiedenimes.org\/site\/wp-content\/uploads\/F-A-ter-624x801.jpg 624w\" sizes=\"auto, (max-width: 137px) 100vw, 137px\" \/><img loading=\"lazy\" decoding=\"async\" class=\"alignnone wp-image-6706\" src=\"https:\/\/www.academiedenimes.org\/site\/wp-content\/uploads\/S-S.jpg\" alt=\"\" width=\"410\" height=\"272\" srcset=\"https:\/\/www.academiedenimes.org\/site\/wp-content\/uploads\/S-S.jpg 1247w, https:\/\/www.academiedenimes.org\/site\/wp-content\/uploads\/S-S-300x199.jpg 300w, https:\/\/www.academiedenimes.org\/site\/wp-content\/uploads\/S-S-1024x680.jpg 1024w, https:\/\/www.academiedenimes.org\/site\/wp-content\/uploads\/S-S-768x510.jpg 768w, https:\/\/www.academiedenimes.org\/site\/wp-content\/uploads\/S-S-624x414.jpg 624w\" sizes=\"auto, (max-width: 410px) 100vw, 410px\" \/><\/p>\n<p style=\"text-align: center;\">Introduction \u00e0 la conf\u00e9rence par le\u00a0 Pr\u00e9sident Michel Belin <span style=\"color: #ff0000;\">.<\/span><a href=\"https:\/\/www.academiedenimes.org\/site\/wp-content\/uploads\/Pr\u00e9sentation-Abauzit-M-Belin.pdf\" target=\"_blank\" rel=\"noopener noreferrer\"><strong><span style=\"color: #ff0000;\"> Cliquer<\/span><\/strong><\/a><\/p>\n<p style=\"text-align: center;\">R\u00e9sum\u00e9 de la communication.\u00a0 <a href=\"https:\/\/www.academiedenimes.org\/site\/wp-content\/uploads\/R\u00e9sum\u00e9-Fr\u00e9d\u00e9ric-Abauzit.pdf\" target=\"_blank\" rel=\"noopener noreferrer\"><span style=\"color: #ff0000;\"><strong><span style=\"color: #ff0000;\">Cliquer<\/span><\/strong><\/span><\/a><\/p>\n<h1><\/h1>\n<p>&nbsp;<\/p>\n<p>&nbsp;<\/p>\n<h1 style=\"text-align: center;\">Vendredi 7 f\u00e9vrier 2020<\/h1>\n<h1 style=\"text-align: center;\"><span style=\"color: #ff6600;\">Communication de Jean-Fran\u00e7ois MARECHAL, Correspondant<\/span><\/h1>\n<h2 style=\"text-align: center;\"><em><span style=\"color: #ff0000;\">\u00a0 Origine et \u00e9volution du concept de Germanit\u00e9.<\/span><\/em><\/h2>\n<h1><img loading=\"lazy\" decoding=\"async\" class=\"alignnone wp-image-6652 aligncenter\" src=\"https:\/\/www.academiedenimes.org\/site\/wp-content\/uploads\/JF-Marechal.jpg\" alt=\"\" width=\"237\" height=\"291\" srcset=\"https:\/\/www.academiedenimes.org\/site\/wp-content\/uploads\/JF-Marechal.jpg 516w, https:\/\/www.academiedenimes.org\/site\/wp-content\/uploads\/JF-Marechal-244x300.jpg 244w\" sizes=\"auto, (max-width: 237px) 100vw, 237px\" \/><\/h1>\n<p style=\"text-align: center;\">Introduction \u00e0 la conf\u00e9rence par le\u00a0 Pr\u00e9sident Michel Belin .<span style=\"color: #ff0000;\"><strong> <a style=\"color: #ff0000;\" href=\"https:\/\/www.academiedenimes.org\/site\/wp-content\/uploads\/M-Belin-Pr\u00e9sentation-JF-Marechal.pdf\" target=\"_blank\" rel=\"noopener noreferrer\">Cliquer<\/a><\/strong><\/span><\/p>\n<p style=\"text-align: center;\">R\u00e9sum\u00e9 de la communication.\u00a0 <a href=\"https:\/\/www.academiedenimes.org\/site\/wp-content\/uploads\/R\u00e9sum\u00e9-JF-Mar\u00e9chal.pdf\" target=\"_blank\" rel=\"noopener noreferrer\"><span style=\"color: #ff0000;\"><strong><span style=\"color: #ff0000;\">Cliquer<\/span><\/strong><\/span><\/a><\/p>\n<p>&nbsp;<\/p>\n<p>&nbsp;<\/p>\n<h1 style=\"text-align: center;\">Dimanche 2 f\u00e9vrier<\/h1>\n<h1 style=\"text-align: center;\"><span style=\"color: #ff0000;\">S\u00e9ance solennelle publique<\/span><br \/>\n<span style=\"color: #ff0000;\">Auditorium du Mus\u00e9e de la Romanit\u00e9<\/span><\/h1>\n<p><img loading=\"lazy\" decoding=\"async\" class=\"alignnone size-full wp-image-6627\" src=\"https:\/\/www.academiedenimes.org\/site\/wp-content\/uploads\/Table-Honneur.jpg\" alt=\"\" width=\"1369\" height=\"671\" srcset=\"https:\/\/www.academiedenimes.org\/site\/wp-content\/uploads\/Table-Honneur.jpg 1369w, https:\/\/www.academiedenimes.org\/site\/wp-content\/uploads\/Table-Honneur-300x147.jpg 300w, https:\/\/www.academiedenimes.org\/site\/wp-content\/uploads\/Table-Honneur-768x376.jpg 768w, https:\/\/www.academiedenimes.org\/site\/wp-content\/uploads\/Table-Honneur-1024x502.jpg 1024w, https:\/\/www.academiedenimes.org\/site\/wp-content\/uploads\/Table-Honneur-624x306.jpg 624w\" sizes=\"auto, (max-width: 1369px) 100vw, 1369px\" \/><img loading=\"lazy\" decoding=\"async\" class=\"alignnone size-full wp-image-6629\" src=\"https:\/\/www.academiedenimes.org\/site\/wp-content\/uploads\/Salle.jpg\" alt=\"\" width=\"1171\" height=\"472\" srcset=\"https:\/\/www.academiedenimes.org\/site\/wp-content\/uploads\/Salle.jpg 1171w, https:\/\/www.academiedenimes.org\/site\/wp-content\/uploads\/Salle-300x121.jpg 300w, https:\/\/www.academiedenimes.org\/site\/wp-content\/uploads\/Salle-768x310.jpg 768w, https:\/\/www.academiedenimes.org\/site\/wp-content\/uploads\/Salle-1024x413.jpg 1024w, https:\/\/www.academiedenimes.org\/site\/wp-content\/uploads\/Salle-624x252.jpg 624w\" sizes=\"auto, (max-width: 1171px) 100vw, 1171px\" \/><\/p>\n<p style=\"text-align: center;\">Allocution de M. le Pr\u00e9fet Didier LAUGA . <a href=\"https:\/\/www.academiedenimes.org\/site\/wp-content\/uploads\/Pr\u00e9fature-ADN-discours-prononc\u00e9.pdf\" target=\"_blank\" rel=\"noopener noreferrer\"><strong><span style=\"color: #ff0000;\">Ici<\/span><\/strong><\/a><\/p>\n<p style=\"text-align: center;\">Allocution de M. Daniel J. VALADE, adjoint au Maire, D\u00e9l\u00e9gu\u00e9 \u00e0 la Culture<br \/>\nau nom de M. le Maire Jean-Paul Fournier. <span style=\"color: #ff0000;\"><a style=\"color: #ff0000;\" href=\"https:\/\/www.academiedenimes.org\/site\/wp-content\/uploads\/DJV-DISCOURS-SEANCE-SOLENNELLE-DE-LACADEMIE-2020.pdf\" target=\"_blank\" rel=\"noopener noreferrer\"><strong><span style=\"color: #ff0000;\">Ici<\/span><\/strong><\/a><\/span><\/p>\n<p style=\"text-align: center;\">Compte rendu des travaux acad\u00e9miques de l&rsquo;ann\u00e9e 2019 par Mme Simone MAZAURIC, Pr\u00e9sident sortant. <a href=\"https:\/\/www.academiedenimes.org\/site\/wp-content\/uploads\/S-Mazauric-Compte-rendu-des-travaux-....pdf\" target=\"_blank\" rel=\"noopener noreferrer\"><strong><span style=\"color: #ff0000;\">Ici<\/span><\/strong><\/a><\/p>\n<p style=\"text-align: center;\">Allocution de M. Michel BELIN,\u00a0 Pr\u00e9sident. <a href=\"https:\/\/www.academiedenimes.org\/site\/wp-content\/uploads\/De-lhospitalit\u00e9-\u00e0-lasile-M-Belin-1.pdf\" target=\"_blank\" rel=\"noopener noreferrer\"><span style=\"color: #ff0000;\"><strong><span style=\"color: #ff0000;\">Ici<\/span><\/strong><\/span><\/a><\/p>\n<p style=\"text-align: center;\">Communication de Mme Anny HERRMANN, membre non r\u00e9sidant. <a href=\"https:\/\/www.academiedenimes.org\/site\/wp-content\/uploads\/R\u00e9sum\u00e9-com-Anny-Herrmann-1.pdf\" target=\"_blank\" rel=\"noopener noreferrer\"><span style=\"color: #ff0000;\"><strong><span style=\"color: #ff0000;\">Ici<\/span><\/strong><\/span><\/a><\/p>\n<h1><\/h1>\n<p>&nbsp;<\/p>\n<p>&nbsp;<\/p>\n<h1 style=\"text-align: center;\">Vendredi 24 janvier 2020<\/h1>\n<h1 style=\"text-align: center;\"><span style=\"color: #ff6600;\">Communication de Paule PLOUVIER, membre non-r\u00e9sidant<\/span><\/h1>\n<h2 style=\"text-align: center;\"><em>\u00a0<span style=\"color: #ff0000;\">Malraux-Bernanos, l&rsquo;improbable rencontre.<\/span><\/em><\/h2>\n<p><img loading=\"lazy\" decoding=\"async\" class=\"wp-image-6607 aligncenter\" src=\"https:\/\/www.academiedenimes.org\/site\/wp-content\/uploads\/Paule-Plouvier.jpg\" alt=\"\" width=\"225\" height=\"250\" srcset=\"https:\/\/www.academiedenimes.org\/site\/wp-content\/uploads\/Paule-Plouvier.jpg 572w, https:\/\/www.academiedenimes.org\/site\/wp-content\/uploads\/Paule-Plouvier-270x300.jpg 270w\" sizes=\"auto, (max-width: 225px) 100vw, 225px\" \/><\/p>\n<h3 style=\"text-align: center;\">Introduction \u00e0 la conf\u00e9rence par Simone Mazauric, pr\u00e9sidente . <a href=\"https:\/\/www.academiedenimes.org\/site\/wp-content\/uploads\/Pr\u00e9sentation-Paule-Plouvier-par-Simone-Mazauric.pdf\" target=\"_blank\" rel=\"noopener noreferrer\">Cliquer<\/a><br \/>\nR\u00e9sum\u00e9 de la communication.\u00a0 <a href=\"https:\/\/www.academiedenimes.org\/site\/wp-content\/uploads\/R\u00e9sum\u00e9-Malraux-Bernanos.pdf\" target=\"_blank\" rel=\"noopener noreferrer\">Cliquer<\/a><\/h3>\n<p>&nbsp;<\/p>\n<h1 style=\"text-align: center;\"><span style=\"color: #ff6600;\">Passation des pouvoirs<\/span><\/h1>\n<h2 style=\"text-align: center;\">Ann\u00e9e 2020<br \/>\nSimone MAZAURIC, pr\u00e9sident sortant<br \/>\nMichel BELIN, nouveau pr\u00e9sident<\/h2>\n<p><img loading=\"lazy\" decoding=\"async\" class=\"wp-image-6618 aligncenter\" src=\"https:\/\/www.academiedenimes.org\/site\/wp-content\/uploads\/Passation-2.jpg\" alt=\"\" width=\"400\" height=\"318\" srcset=\"https:\/\/www.academiedenimes.org\/site\/wp-content\/uploads\/Passation-2.jpg 957w, https:\/\/www.academiedenimes.org\/site\/wp-content\/uploads\/Passation-2-300x239.jpg 300w, https:\/\/www.academiedenimes.org\/site\/wp-content\/uploads\/Passation-2-768x612.jpg 768w, https:\/\/www.academiedenimes.org\/site\/wp-content\/uploads\/Passation-2-624x497.jpg 624w\" sizes=\"auto, (max-width: 400px) 100vw, 400px\" \/><\/p>\n<h1><\/h1>\n<p>&nbsp;<\/p>\n<h1 style=\"text-align: center;\">Vendredi 10 janvier 2020<\/h1>\n<h1 style=\"text-align: center;\"><span style=\"color: #ff6600;\">Communication de Daniel J. VALADE, membre r\u00e9sidant<\/span><\/h1>\n<h2 style=\"text-align: center;\"><em><span style=\"color: #ff0000;\">\u00a0Le Mus\u00e9e du Vieux N\u00eemes a cent ans.<\/span><br \/>\n<\/em><\/h2>\n<p><img loading=\"lazy\" decoding=\"async\" class=\"size-full wp-image-6587 aligncenter\" src=\"https:\/\/www.academiedenimes.org\/site\/wp-content\/uploads\/Photo-web-2.jpg\" alt=\"\" width=\"895\" height=\"614\" srcset=\"https:\/\/www.academiedenimes.org\/site\/wp-content\/uploads\/Photo-web-2.jpg 895w, https:\/\/www.academiedenimes.org\/site\/wp-content\/uploads\/Photo-web-2-300x206.jpg 300w, https:\/\/www.academiedenimes.org\/site\/wp-content\/uploads\/Photo-web-2-768x527.jpg 768w, https:\/\/www.academiedenimes.org\/site\/wp-content\/uploads\/Photo-web-2-624x428.jpg 624w\" sizes=\"auto, (max-width: 895px) 100vw, 895px\" \/><\/p>\n<h3 style=\"text-align: center;\">Introduction \u00e0 la conf\u00e9rence par Simone Mazauric, pr\u00e9sidente . <a href=\"https:\/\/www.academiedenimes.org\/site\/wp-content\/uploads\/Pr\u00e9sentation-DJV-par-S-Mazauric.pdf\" target=\"_blank\" rel=\"noopener noreferrer\">Cliquer<\/a><br \/>\nR\u00e9sum\u00e9 de la communication.\u00a0 <a href=\"https:\/\/www.academiedenimes.org\/site\/wp-content\/uploads\/R\u00e9sum\u00e9-DJV-1.pdf\" target=\"_blank\" rel=\"noopener noreferrer\">Cliquer<\/a><\/h3>\n<p>[\/vc_column_text][\/vc_column][\/vc_row]<\/p>\n<\/div>","protected":false},"excerpt":{"rendered":"<p>[vc_row][vc_column][vc_column_text] Samedi 31 octobre 2020 Disparition du professeur Jean MATOUK Hommage du pr\u00e9sident Michel BELIN. Cliquer &nbsp; &nbsp; Mardi 20 octobre 2020 Grand Auditorium de Carr\u00e9 d&rsquo;Art Jean Bousquet Allocution du pr\u00e9sident Michel BELIN Samuel Paty, un enseignant martyr. Cliquer Communication de Danielle BERTRAND-FABRE, membre non-r\u00e9sidant. \u00a0Saint-G\u00e9ly-du-Fesc : la guerre scolaire entre les \u00ab\u00a0Blancs\u00a0\u00bb et &#8230; <a title=\"Actualit\u00e9s &#8211; Archives 2020\" class=\"read-more\" href=\"https:\/\/www.academiedenimes.org\/site\/actualites-archives-2020\/\" aria-label=\"En savoir plus sur Actualit\u00e9s &#8211; Archives 2020\">Lire plus<\/a><\/p>\n","protected":false},"author":3,"featured_media":0,"parent":0,"menu_order":0,"comment_status":"closed","ping_status":"closed","template":"page-templates\/full-width.php","meta":{"footnotes":""},"class_list":["post-7598","page","type-page","status-publish"],"_links":{"self":[{"href":"https:\/\/www.academiedenimes.org\/site\/wp-json\/wp\/v2\/pages\/7598","targetHints":{"allow":["GET"]}}],"collection":[{"href":"https:\/\/www.academiedenimes.org\/site\/wp-json\/wp\/v2\/pages"}],"about":[{"href":"https:\/\/www.academiedenimes.org\/site\/wp-json\/wp\/v2\/types\/page"}],"author":[{"embeddable":true,"href":"https:\/\/www.academiedenimes.org\/site\/wp-json\/wp\/v2\/users\/3"}],"replies":[{"embeddable":true,"href":"https:\/\/www.academiedenimes.org\/site\/wp-json\/wp\/v2\/comments?post=7598"}],"version-history":[{"count":1,"href":"https:\/\/www.academiedenimes.org\/site\/wp-json\/wp\/v2\/pages\/7598\/revisions"}],"predecessor-version":[{"id":7600,"href":"https:\/\/www.academiedenimes.org\/site\/wp-json\/wp\/v2\/pages\/7598\/revisions\/7600"}],"wp:attachment":[{"href":"https:\/\/www.academiedenimes.org\/site\/wp-json\/wp\/v2\/media?parent=7598"}],"curies":[{"name":"wp","href":"https:\/\/api.w.org\/{rel}","templated":true}]}}