{"id":2538,"date":"2014-06-07T05:45:50","date_gmt":"2014-06-07T05:45:50","guid":{"rendered":"http:\/\/academiedenimes.org\/_\/?page_id=2538"},"modified":"2026-02-20T11:54:41","modified_gmt":"2026-02-20T10:54:41","slug":"informations-academie","status":"publish","type":"page","link":"https:\/\/www.academiedenimes.org\/site\/informations-academie\/","title":{"rendered":"Liens"},"content":{"rendered":"<p style=\"text-align: left;\">La Conf\u00e9rence Nationale des Acad\u00e9mies des Sciences, Lettres et Arts &#8211; CNA &#8211; regroupe sous l\u2019\u00e9gide de l\u2019Institut de France les Acad\u00e9mies de province pr\u00e9sentant des caract\u00e9ristiques communes : anciennet\u00e9, objectifs, r\u00e8gles de fonctionnement, rayonnement local.<\/p>\n<p>Trente-deux acad\u00e9mies dont l\u2019Acad\u00e9mie de N\u00eemes appartiennent \u00e0 la CNA. Pour consulter le site, il suffit de cliquer : <a href=\"https:\/\/www.academies-cna.fr\/\" target=\"_blank\" rel=\"noopener\">https:\/\/www.academies-cna.fr\/<\/a><\/p>\n<p>&nbsp;<\/p>\n<p><strong>Institut de France :<\/strong>\u00a0\u00a0<a href=\"https:\/\/www.institut-de-france.fr\" target=\"_blank\" rel=\"noopener noreferrer\">https:\/\/www.institut-de-france.fr<\/a><\/p>\n<p><strong>Acad\u00e9mie Fran\u00e7aise :<\/strong>\u00a0<a href=\"https:\/\/www.academie-francaise.fr\" target=\"_blank\" rel=\"noopener noreferrer\">https:\/\/www.academie-francaise.fr<\/a><\/p>\n<p><strong>Acad\u00e9mie des Sciences :<\/strong>\u00a0<a href=\"https:\/\/www.academie-sciences.fr\" target=\"_blank\" rel=\"noopener noreferrer\">https:\/\/www.academie-sciences.fr<\/a><\/p>\n<p><strong>Acad\u00e9mie des Sciences Morales et Politiques :<\/strong> <a href=\"https:\/\/academiesciencesmoralesetpolitiques.fr\/\" target=\"_blank\" rel=\"noopener noreferrer\">https:\/\/academiesciencesmoralesetpolitiques.fr\/<\/a><\/p>\n<p><strong>Acad\u00e9mie des Beaux Arts :<\/strong>\u00a0<a href=\"https:\/\/www.academiedesbeauxarts.fr\/\" target=\"_blank\" rel=\"noopener noreferrer\">https:\/\/www.academiedesbeauxarts.fr\/<\/a><\/p>\n<p><strong>Acad\u00e9mie des inscriptions et Belles Lettres :<\/strong>\u00a0<a href=\"https:\/\/www.aibl.fr\" target=\"_blank\" rel=\"noopener noreferrer\">https:\/\/www.aibl.fr<\/a><\/p>\n<p>&nbsp;<\/p>\n<p><strong>Coll\u00e8ge de France: \u00a0<span style=\"color: #ff0000;\">\u00a0<\/span><a href=\"https:\/\/www.college-de-france.fr\/site\/college\/index.htm\" target=\"_blank\" rel=\"noopener noreferrer\"><span style=\"color: #ff0000;\">Cliquer<\/span><\/a><\/strong><\/p>\n<p><strong>Les cours et les \u00e9missions enregistr\u00e9es du Coll\u00e8ge de France de France: <span style=\"color: #ff0000;\"><a style=\"color: #ff0000;\" href=\"https:\/\/www.youtube.com\/channel\/UCzZiy3EANVAx7h2XYqXsVbw?reload=9\" target=\"_blank\" rel=\"noopener noreferrer\">Cliquer<\/a><\/span><br \/>\n<\/strong><\/p>\n<p>&nbsp;<\/p>\n<p><strong>Acad\u00e9mie de M\u00e9decine :<\/strong>\u00a0<a href=\"https:\/\/www.academie-medecine.fr\" target=\"_blank\" rel=\"noopener noreferrer\">https:\/\/www.academie-medecine.fr<\/a><\/p>\n<p><strong>Acad\u00e9mie d&rsquo;Agriculture de France :<\/strong>\u00a0<a href=\"https:\/\/www.academie-agriculture.fr\" target=\"_blank\" rel=\"noopener noreferrer\">https:\/\/www.academie-agriculture.fr<\/a><\/p>\n<p>&nbsp;<\/p>\n<p><strong>Biblioth\u00e8que Mazarine :<\/strong>\u00a0<a href=\"https:\/\/www.bibliotheque-mazarine.fr\" target=\"_blank\" rel=\"noopener noreferrer\">https:\/\/www.bibliotheque-mazarine.fr<\/a><\/p>\n<p><strong>Biblioth\u00e8que de l&rsquo;Institut :<\/strong>\u00a0<a href=\"https:\/\/www.bibliotheque-institutdefrance.fr\" target=\"_blank\" rel=\"noopener noreferrer\">https:\/\/www.bibliotheque-institutdefrance.fr<\/a><\/p>\n<p><strong>Canal Acad\u00e9mie :<\/strong>\u00a0<a href=\"https:\/\/www.canalacademie.com\" target=\"_blank\" rel=\"noopener noreferrer\">https:\/\/www.canalacademie.com<\/a><\/p>\n","protected":false},"excerpt":{"rendered":"<p>La Conf\u00e9rence Nationale des Acad\u00e9mies des Sciences, Lettres et Arts &#8211; CNA &#8211; regroupe sous l\u2019\u00e9gide de l\u2019Institut de France les Acad\u00e9mies de province pr\u00e9sentant des caract\u00e9ristiques communes : anciennet\u00e9, objectifs, r\u00e8gles de fonctionnement, rayonnement local. Trente-deux acad\u00e9mies dont l\u2019Acad\u00e9mie de N\u00eemes appartiennent \u00e0 la CNA. Pour consulter le site, il suffit de cliquer : &#8230; <a title=\"Liens\" class=\"read-more\" href=\"https:\/\/www.academiedenimes.org\/site\/informations-academie\/\" aria-label=\"En savoir plus sur Liens\">Lire plus<\/a><\/p>\n","protected":false},"author":1,"featured_media":0,"parent":0,"menu_order":0,"comment_status":"closed","ping_status":"closed","template":"","meta":{"footnotes":""},"class_list":["post-2538","page","type-page","status-publish"],"_links":{"self":[{"href":"https:\/\/www.academiedenimes.org\/site\/wp-json\/wp\/v2\/pages\/2538","targetHints":{"allow":["GET"]}}],"collection":[{"href":"https:\/\/www.academiedenimes.org\/site\/wp-json\/wp\/v2\/pages"}],"about":[{"href":"https:\/\/www.academiedenimes.org\/site\/wp-json\/wp\/v2\/types\/page"}],"author":[{"embeddable":true,"href":"https:\/\/www.academiedenimes.org\/site\/wp-json\/wp\/v2\/users\/1"}],"replies":[{"embeddable":true,"href":"https:\/\/www.academiedenimes.org\/site\/wp-json\/wp\/v2\/comments?post=2538"}],"version-history":[{"count":2,"href":"https:\/\/www.academiedenimes.org\/site\/wp-json\/wp\/v2\/pages\/2538\/revisions"}],"predecessor-version":[{"id":10030,"href":"https:\/\/www.academiedenimes.org\/site\/wp-json\/wp\/v2\/pages\/2538\/revisions\/10030"}],"wp:attachment":[{"href":"https:\/\/www.academiedenimes.org\/site\/wp-json\/wp\/v2\/media?parent=2538"}],"curies":[{"name":"wp","href":"https:\/\/api.w.org\/{rel}","templated":true}]}}